{"id":428,"date":"2022-09-01T08:06:00","date_gmt":"2022-09-01T06:06:00","guid":{"rendered":"http:\/\/podlasiebranickich.pl\/?page_id=428"},"modified":"2022-10-07T11:10:42","modified_gmt":"2022-10-07T09:10:42","slug":"dzial-sztuki-muzeum-podlaskiego-w-bialymstoku","status":"publish","type":"page","link":"http:\/\/podlasiebranickich.pl\/index.php\/zasoby\/muzeum-podlaskie-w-bialymstoku\/dzial-sztuki-muzeum-podlaskiego-w-bialymstoku\/","title":{"rendered":"Dzia\u0142 Sztuki Muzeum Podlaskiego w Bia\u0142ymstoku"},"content":{"rendered":"\n<div style=\"height:50px\" aria-hidden=\"true\" class=\"wp-block-spacer\"><\/div>\n\n\n\n<div class=\"wp-block-columns is-layout-flex wp-container-core-columns-is-layout-9d6595d7 wp-block-columns-is-layout-flex\">\n<div class=\"wp-block-column is-layout-flow wp-block-column-is-layout-flow\">\n<figure class=\"wp-block-image size-large\"><img loading=\"lazy\" decoding=\"async\" width=\"1024\" height=\"678\" src=\"http:\/\/podlasiebranickich.pl\/wp-content\/uploads\/2022\/10\/106628294_3675058552523377_3138819605863684761_n-1024x678.jpg\" alt=\"Obrazy Branickich w Muzeum Podlaskim w Bia\u0142ymstoku\" class=\"wp-image-1252\" srcset=\"http:\/\/podlasiebranickich.pl\/wp-content\/uploads\/2022\/10\/106628294_3675058552523377_3138819605863684761_n-1024x678.jpg 1024w, http:\/\/podlasiebranickich.pl\/wp-content\/uploads\/2022\/10\/106628294_3675058552523377_3138819605863684761_n-300x199.jpg 300w, http:\/\/podlasiebranickich.pl\/wp-content\/uploads\/2022\/10\/106628294_3675058552523377_3138819605863684761_n-768x508.jpg 768w, http:\/\/podlasiebranickich.pl\/wp-content\/uploads\/2022\/10\/106628294_3675058552523377_3138819605863684761_n-1536x1017.jpg 1536w, http:\/\/podlasiebranickich.pl\/wp-content\/uploads\/2022\/10\/106628294_3675058552523377_3138819605863684761_n.jpg 1737w\" sizes=\"auto, (max-width: 1024px) 100vw, 1024px\" \/><\/figure>\n\n\n\n<p><\/p>\n\n\n\n<p>Kontakt:<br>Ratusz, Rynek Ko\u015bciuszki 10, 15 &#8211; 426 Bia\u0142ystok<br>tel. 85 740 77 38, kom. 516 141 960<br>e-mail:\u00a0<a href=\"mailto:sztuka@muzeum.bialystok.pl\" target=\"_blank\" rel=\"noreferrer noopener\">sztuka@muzeum.bialystok.pl<\/a><br><a href=\"http:\/\/muzeum.bialystok.pl\/muzeum-podlaskie-w-bialymstoku\/dzial-sztuki-2\/\" target=\"_blank\" rel=\"noreferrer noopener\">www.muzeum.bialystok.pl\/muzeum-podlaskie-w-bialymstoku\/dzial-sztuki-2\/<\/a><\/p>\n<\/div>\n\n\n\n<div class=\"wp-block-column is-layout-flow wp-block-column-is-layout-flow\">\n<p><strong>Dzia\u0142 Sztuki <\/strong>Muzeum Podlaskiego mie\u015bci si\u0119 w Ratuszu usytuowanym przy Rynku Ko\u015bciuszki, centralnym placu miasta. Ratusz ufundowany w po\u0142owie XVIII stulecia przez Jana Klemensa Branickiego w czasie drugiej wojny \u015bwiatowej zosta\u0142 zburzony przez Sowiet\u00f3w okupuj\u0105cych wschodnie tereny Rzeczypospolitej. Obecnie w zrekonstruowanej w latach 1954-1958 budowli mie\u015bci si\u0119 Muzeum, gdzie zwiedza\u0107 mo\u017cna Galeri\u0119 Malarstwa Polskiego oraz wystawy czasowe.<\/p>\n\n\n\n<p>Pozostaj\u0105ca w pieczy Dzia\u0142u Sztuki sta\u0142a ekspozycja to blisko o\u015bmiuset prac prezentuj\u0105cych style i kierunki artystyczne obecne w sztuce ostatnich dw\u00f3ch i p\u00f3\u0142 wieku. Na wystawie mo\u017cna podziwia\u0107 m.in. dzie\u0142a Olgi Bozna\u0144skiej, Juliana Fa\u0142ata, Jacka Malczewskiego, Stanis\u0142awa Ignacego Witkiewicza, Alfreda Wierusza-Kowalskiego, Leona Wycz\u00f3\u0142kowskiego, Stanis\u0142awa Wyspia\u0144skiego. Jej ozdob\u0105 s\u0105<strong><em> powsta\u0142e w XVIII wieku<\/em><\/strong><em><strong> wizerunki ma\u0142\u017conk\u00f3w \u2014 Izabeli z Poniatowskich Branickiej i Jana Klemensa Branickiego<\/strong><\/em>. Zbiory malarstwa, rysunku i grafiki Dzia\u0142u Sztuki uzupe\u0142nia kolekcja rzemios\u0142a artystycznego.<\/p>\n<\/div>\n<\/div>\n\n\n\n<div class=\"wp-block-buttons is-content-justification-center is-layout-flex wp-container-core-buttons-is-layout-16018d1d wp-block-buttons-is-layout-flex\">\n<div class=\"wp-block-button\"><a class=\"wp-block-button__link\" href=\"http:\/\/podlasiebranickich.pl\/index.php\/category\/muzeum-podlaskie\/dzial-sztuki-muzeum-podlaskiego\/\">Zobacz obiekty<\/a><\/div>\n<\/div>\n\n\n\n<hr class=\"wp-block-separator has-alpha-channel-opacity\"\/>\n","protected":false},"excerpt":{"rendered":"<p>Kontakt:Ratusz, Rynek Ko\u015bciuszki 10, 15 &#8211; 426 Bia\u0142ystoktel. 85 740 77 38, kom. 516 141 960e-mail:\u00a0sztuka@muzeum.bialystok.plwww.muzeum.bialystok.pl\/muzeum-podlaskie-w-bialymstoku\/dzial-sztuki-2\/ Dzia\u0142 Sztuki Muzeum Podlaskiego mie\u015bci si\u0119 w Ratuszu usytuowanym przy Rynku Ko\u015bciuszki, centralnym placu miasta. Ratusz ufundowany w po\u0142owie XVIII stulecia przez Jana Klemensa Branickiego w czasie drugiej wojny \u015bwiatowej zosta\u0142 zburzony przez Sowiet\u00f3w okupuj\u0105cych wschodnie tereny Rzeczypospolitej. Obecnie&hellip;&nbsp;<a href=\"http:\/\/podlasiebranickich.pl\/index.php\/zasoby\/muzeum-podlaskie-w-bialymstoku\/dzial-sztuki-muzeum-podlaskiego-w-bialymstoku\/\" class=\"\" rel=\"bookmark\">Czytaj dalej &raquo;<span class=\"screen-reader-text\">Dzia\u0142 Sztuki Muzeum Podlaskiego w Bia\u0142ymstoku<\/span><\/a><\/p>\n","protected":false},"author":1,"featured_media":0,"parent":349,"menu_order":0,"comment_status":"closed","ping_status":"closed","template":"","meta":{"neve_meta_sidebar":"full-width","neve_meta_container":"contained","neve_meta_enable_content_width":"","neve_meta_content_width":0,"neve_meta_title_alignment":"","neve_meta_author_avatar":"","neve_post_elements_order":"","neve_meta_disable_header":"","neve_meta_disable_footer":"","neve_meta_disable_title":"","footnotes":""},"class_list":["post-428","page","type-page","status-publish","hentry"],"yoast_head":"<!-- This site is optimized with the Yoast SEO plugin v19.7.1 - https:\/\/yoast.com\/wordpress\/plugins\/seo\/ -->\n<title>Dzia\u0142 Sztuki Muzeum Podlaskiego w Bia\u0142ymstoku - Podlasie Branickich<\/title>\n<meta name=\"robots\" content=\"index, follow, max-snippet:-1, max-image-preview:large, max-video-preview:-1\" \/>\n<link rel=\"canonical\" href=\"http:\/\/podlasiebranickich.pl\/index.php\/zasoby\/muzeum-podlaskie-w-bialymstoku\/dzial-sztuki-muzeum-podlaskiego-w-bialymstoku\/\" \/>\n<meta property=\"og:locale\" content=\"pl_PL\" \/>\n<meta property=\"og:type\" content=\"article\" \/>\n<meta property=\"og:title\" content=\"Dzia\u0142 Sztuki Muzeum Podlaskiego w Bia\u0142ymstoku - Podlasie Branickich\" \/>\n<meta property=\"og:description\" content=\"Kontakt:Ratusz, Rynek Ko\u015bciuszki 10, 15 &#8211; 426 Bia\u0142ystoktel. 85 740 77 38, kom. 516 141 960e-mail:\u00a0sztuka@muzeum.bialystok.plwww.muzeum.bialystok.pl\/muzeum-podlaskie-w-bialymstoku\/dzial-sztuki-2\/ Dzia\u0142 Sztuki Muzeum Podlaskiego mie\u015bci si\u0119 w Ratuszu usytuowanym przy Rynku Ko\u015bciuszki, centralnym placu miasta. Ratusz ufundowany w po\u0142owie XVIII stulecia przez Jana Klemensa Branickiego w czasie drugiej wojny \u015bwiatowej zosta\u0142 zburzony przez Sowiet\u00f3w okupuj\u0105cych wschodnie tereny Rzeczypospolitej. Obecnie&hellip;&nbsp;Czytaj dalej &raquo;Dzia\u0142 Sztuki Muzeum Podlaskiego w Bia\u0142ymstoku\" \/>\n<meta property=\"og:url\" content=\"http:\/\/podlasiebranickich.pl\/index.php\/zasoby\/muzeum-podlaskie-w-bialymstoku\/dzial-sztuki-muzeum-podlaskiego-w-bialymstoku\/\" \/>\n<meta property=\"og:site_name\" content=\"Podlasie Branickich\" \/>\n<meta property=\"article:modified_time\" content=\"2022-10-07T09:10:42+00:00\" \/>\n<meta property=\"og:image\" content=\"http:\/\/podlasiebranickich.pl\/wp-content\/uploads\/2022\/10\/106628294_3675058552523377_3138819605863684761_n-1024x678.jpg\" \/>\n<meta name=\"twitter:card\" content=\"summary_large_image\" \/>\n<meta name=\"twitter:label1\" content=\"Szacowany czas czytania\" \/>\n\t<meta name=\"twitter:data1\" content=\"2 minuty\" \/>\n<script type=\"application\/ld+json\" class=\"yoast-schema-graph\">{\"@context\":\"https:\/\/schema.org\",\"@graph\":[{\"@type\":\"WebPage\",\"@id\":\"http:\/\/podlasiebranickich.pl\/index.php\/zasoby\/muzeum-podlaskie-w-bialymstoku\/dzial-sztuki-muzeum-podlaskiego-w-bialymstoku\/\",\"url\":\"http:\/\/podlasiebranickich.pl\/index.php\/zasoby\/muzeum-podlaskie-w-bialymstoku\/dzial-sztuki-muzeum-podlaskiego-w-bialymstoku\/\",\"name\":\"Dzia\u0142 Sztuki Muzeum Podlaskiego w Bia\u0142ymstoku - Podlasie Branickich\",\"isPartOf\":{\"@id\":\"http:\/\/podlasiebranickich.pl\/#website\"},\"datePublished\":\"2022-09-01T06:06:00+00:00\",\"dateModified\":\"2022-10-07T09:10:42+00:00\",\"breadcrumb\":{\"@id\":\"http:\/\/podlasiebranickich.pl\/index.php\/zasoby\/muzeum-podlaskie-w-bialymstoku\/dzial-sztuki-muzeum-podlaskiego-w-bialymstoku\/#breadcrumb\"},\"inLanguage\":\"pl-PL\",\"potentialAction\":[{\"@type\":\"ReadAction\",\"target\":[\"http:\/\/podlasiebranickich.pl\/index.php\/zasoby\/muzeum-podlaskie-w-bialymstoku\/dzial-sztuki-muzeum-podlaskiego-w-bialymstoku\/\"]}]},{\"@type\":\"BreadcrumbList\",\"@id\":\"http:\/\/podlasiebranickich.pl\/index.php\/zasoby\/muzeum-podlaskie-w-bialymstoku\/dzial-sztuki-muzeum-podlaskiego-w-bialymstoku\/#breadcrumb\",\"itemListElement\":[{\"@type\":\"ListItem\",\"position\":1,\"name\":\"Strona g\u0142\u00f3wna\",\"item\":\"http:\/\/podlasiebranickich.pl\/\"},{\"@type\":\"ListItem\",\"position\":2,\"name\":\"Zasoby\",\"item\":\"http:\/\/podlasiebranickich.pl\/index.php\/zasoby\/\"},{\"@type\":\"ListItem\",\"position\":3,\"name\":\"Muzeum Podlaskie w Bia\u0142ymstoku\",\"item\":\"http:\/\/podlasiebranickich.pl\/index.php\/zasoby\/muzeum-podlaskie-w-bialymstoku\/\"},{\"@type\":\"ListItem\",\"position\":4,\"name\":\"Dzia\u0142 Sztuki Muzeum Podlaskiego w Bia\u0142ymstoku\"}]},{\"@type\":\"WebSite\",\"@id\":\"http:\/\/podlasiebranickich.pl\/#website\",\"url\":\"http:\/\/podlasiebranickich.pl\/\",\"name\":\"Podlasie Branickich\",\"description\":\"Obiekty kultury pozosta\u0142e po rodzie Branickich na Podlasiu\",\"publisher\":{\"@id\":\"http:\/\/podlasiebranickich.pl\/#organization\"},\"potentialAction\":[{\"@type\":\"SearchAction\",\"target\":{\"@type\":\"EntryPoint\",\"urlTemplate\":\"http:\/\/podlasiebranickich.pl\/?s={search_term_string}\"},\"query-input\":\"required name=search_term_string\"}],\"inLanguage\":\"pl-PL\"},{\"@type\":\"Organization\",\"@id\":\"http:\/\/podlasiebranickich.pl\/#organization\",\"name\":\"Podlasie Branickich\",\"url\":\"http:\/\/podlasiebranickich.pl\/\",\"sameAs\":[],\"logo\":{\"@type\":\"ImageObject\",\"inLanguage\":\"pl-PL\",\"@id\":\"http:\/\/podlasiebranickich.pl\/#\/schema\/logo\/image\/\",\"url\":\"http:\/\/podlasiebranickich.pl\/wp-content\/uploads\/2022\/08\/logo-agency.png\",\"contentUrl\":\"http:\/\/podlasiebranickich.pl\/wp-content\/uploads\/2022\/08\/logo-agency.png\",\"width\":200,\"height\":200,\"caption\":\"Podlasie Branickich\"},\"image\":{\"@id\":\"http:\/\/podlasiebranickich.pl\/#\/schema\/logo\/image\/\"}}]}<\/script>\n<!-- \/ Yoast SEO plugin. -->","yoast_head_json":{"title":"Dzia\u0142 Sztuki Muzeum Podlaskiego w Bia\u0142ymstoku - Podlasie Branickich","robots":{"index":"index","follow":"follow","max-snippet":"max-snippet:-1","max-image-preview":"max-image-preview:large","max-video-preview":"max-video-preview:-1"},"canonical":"http:\/\/podlasiebranickich.pl\/index.php\/zasoby\/muzeum-podlaskie-w-bialymstoku\/dzial-sztuki-muzeum-podlaskiego-w-bialymstoku\/","og_locale":"pl_PL","og_type":"article","og_title":"Dzia\u0142 Sztuki Muzeum Podlaskiego w Bia\u0142ymstoku - Podlasie Branickich","og_description":"Kontakt:Ratusz, Rynek Ko\u015bciuszki 10, 15 &#8211; 426 Bia\u0142ystoktel. 85 740 77 38, kom. 516 141 960e-mail:\u00a0sztuka@muzeum.bialystok.plwww.muzeum.bialystok.pl\/muzeum-podlaskie-w-bialymstoku\/dzial-sztuki-2\/ Dzia\u0142 Sztuki Muzeum Podlaskiego mie\u015bci si\u0119 w Ratuszu usytuowanym przy Rynku Ko\u015bciuszki, centralnym placu miasta. Ratusz ufundowany w po\u0142owie XVIII stulecia przez Jana Klemensa Branickiego w czasie drugiej wojny \u015bwiatowej zosta\u0142 zburzony przez Sowiet\u00f3w okupuj\u0105cych wschodnie tereny Rzeczypospolitej. Obecnie&hellip;&nbsp;Czytaj dalej &raquo;Dzia\u0142 Sztuki Muzeum Podlaskiego w Bia\u0142ymstoku","og_url":"http:\/\/podlasiebranickich.pl\/index.php\/zasoby\/muzeum-podlaskie-w-bialymstoku\/dzial-sztuki-muzeum-podlaskiego-w-bialymstoku\/","og_site_name":"Podlasie Branickich","article_modified_time":"2022-10-07T09:10:42+00:00","og_image":[{"url":"http:\/\/podlasiebranickich.pl\/wp-content\/uploads\/2022\/10\/106628294_3675058552523377_3138819605863684761_n-1024x678.jpg"}],"twitter_card":"summary_large_image","twitter_misc":{"Szacowany czas czytania":"2 minuty"},"schema":{"@context":"https:\/\/schema.org","@graph":[{"@type":"WebPage","@id":"http:\/\/podlasiebranickich.pl\/index.php\/zasoby\/muzeum-podlaskie-w-bialymstoku\/dzial-sztuki-muzeum-podlaskiego-w-bialymstoku\/","url":"http:\/\/podlasiebranickich.pl\/index.php\/zasoby\/muzeum-podlaskie-w-bialymstoku\/dzial-sztuki-muzeum-podlaskiego-w-bialymstoku\/","name":"Dzia\u0142 Sztuki Muzeum Podlaskiego w Bia\u0142ymstoku - Podlasie Branickich","isPartOf":{"@id":"http:\/\/podlasiebranickich.pl\/#website"},"datePublished":"2022-09-01T06:06:00+00:00","dateModified":"2022-10-07T09:10:42+00:00","breadcrumb":{"@id":"http:\/\/podlasiebranickich.pl\/index.php\/zasoby\/muzeum-podlaskie-w-bialymstoku\/dzial-sztuki-muzeum-podlaskiego-w-bialymstoku\/#breadcrumb"},"inLanguage":"pl-PL","potentialAction":[{"@type":"ReadAction","target":["http:\/\/podlasiebranickich.pl\/index.php\/zasoby\/muzeum-podlaskie-w-bialymstoku\/dzial-sztuki-muzeum-podlaskiego-w-bialymstoku\/"]}]},{"@type":"BreadcrumbList","@id":"http:\/\/podlasiebranickich.pl\/index.php\/zasoby\/muzeum-podlaskie-w-bialymstoku\/dzial-sztuki-muzeum-podlaskiego-w-bialymstoku\/#breadcrumb","itemListElement":[{"@type":"ListItem","position":1,"name":"Strona g\u0142\u00f3wna","item":"http:\/\/podlasiebranickich.pl\/"},{"@type":"ListItem","position":2,"name":"Zasoby","item":"http:\/\/podlasiebranickich.pl\/index.php\/zasoby\/"},{"@type":"ListItem","position":3,"name":"Muzeum Podlaskie w Bia\u0142ymstoku","item":"http:\/\/podlasiebranickich.pl\/index.php\/zasoby\/muzeum-podlaskie-w-bialymstoku\/"},{"@type":"ListItem","position":4,"name":"Dzia\u0142 Sztuki Muzeum Podlaskiego w Bia\u0142ymstoku"}]},{"@type":"WebSite","@id":"http:\/\/podlasiebranickich.pl\/#website","url":"http:\/\/podlasiebranickich.pl\/","name":"Podlasie Branickich","description":"Obiekty kultury pozosta\u0142e po rodzie Branickich na Podlasiu","publisher":{"@id":"http:\/\/podlasiebranickich.pl\/#organization"},"potentialAction":[{"@type":"SearchAction","target":{"@type":"EntryPoint","urlTemplate":"http:\/\/podlasiebranickich.pl\/?s={search_term_string}"},"query-input":"required name=search_term_string"}],"inLanguage":"pl-PL"},{"@type":"Organization","@id":"http:\/\/podlasiebranickich.pl\/#organization","name":"Podlasie Branickich","url":"http:\/\/podlasiebranickich.pl\/","sameAs":[],"logo":{"@type":"ImageObject","inLanguage":"pl-PL","@id":"http:\/\/podlasiebranickich.pl\/#\/schema\/logo\/image\/","url":"http:\/\/podlasiebranickich.pl\/wp-content\/uploads\/2022\/08\/logo-agency.png","contentUrl":"http:\/\/podlasiebranickich.pl\/wp-content\/uploads\/2022\/08\/logo-agency.png","width":200,"height":200,"caption":"Podlasie Branickich"},"image":{"@id":"http:\/\/podlasiebranickich.pl\/#\/schema\/logo\/image\/"}}]}},"_links":{"self":[{"href":"http:\/\/podlasiebranickich.pl\/index.php\/wp-json\/wp\/v2\/pages\/428","targetHints":{"allow":["GET"]}}],"collection":[{"href":"http:\/\/podlasiebranickich.pl\/index.php\/wp-json\/wp\/v2\/pages"}],"about":[{"href":"http:\/\/podlasiebranickich.pl\/index.php\/wp-json\/wp\/v2\/types\/page"}],"author":[{"embeddable":true,"href":"http:\/\/podlasiebranickich.pl\/index.php\/wp-json\/wp\/v2\/users\/1"}],"replies":[{"embeddable":true,"href":"http:\/\/podlasiebranickich.pl\/index.php\/wp-json\/wp\/v2\/comments?post=428"}],"version-history":[{"count":13,"href":"http:\/\/podlasiebranickich.pl\/index.php\/wp-json\/wp\/v2\/pages\/428\/revisions"}],"predecessor-version":[{"id":1815,"href":"http:\/\/podlasiebranickich.pl\/index.php\/wp-json\/wp\/v2\/pages\/428\/revisions\/1815"}],"up":[{"embeddable":true,"href":"http:\/\/podlasiebranickich.pl\/index.php\/wp-json\/wp\/v2\/pages\/349"}],"wp:attachment":[{"href":"http:\/\/podlasiebranickich.pl\/index.php\/wp-json\/wp\/v2\/media?parent=428"}],"curies":[{"name":"wp","href":"https:\/\/api.w.org\/{rel}","templated":true}]}}